{"id":59828,"date":"2026-03-09T12:16:52","date_gmt":"2026-03-09T19:16:52","guid":{"rendered":"https:\/\/www.nlacrc.org\/?post_type=tribe_events&#038;p=59828"},"modified":"2026-03-09T12:23:05","modified_gmt":"2026-03-09T19:23:05","slug":"aprenda-sobre-las-trayectorias-profesionales-coordinadas-de-nlacrc","status":"publish","type":"tribe_events","link":"https:\/\/nlacrc.org\/fa\/calendar\/aprenda-sobre-las-trayectorias-profesionales-coordinadas-de-nlacrc\/","title":{"rendered":"Aprenda sobre las Trayectorias Profesionales Coordinadas de NLACRC"},"content":{"rendered":"<p><img loading=\"lazy\" decoding=\"async\" class=\"alignnone size-large wp-image-59830\" src=\"https:\/\/www.nlacrc.org\/wp-content\/uploads\/2026\/03\/ccp-flyer-spanish-819x1024.png\" alt=\"\" width=\"819\" height=\"1024\" srcset=\"https:\/\/nlacrc.org\/wp-content\/uploads\/2026\/03\/ccp-flyer-spanish-819x1024.png 819w, https:\/\/nlacrc.org\/wp-content\/uploads\/2026\/03\/ccp-flyer-spanish-240x300.png 240w, https:\/\/nlacrc.org\/wp-content\/uploads\/2026\/03\/ccp-flyer-spanish-768x960.png 768w, https:\/\/nlacrc.org\/wp-content\/uploads\/2026\/03\/ccp-flyer-spanish.png 1080w, https:\/\/nlacrc.org\/wp-content\/uploads\/2026\/03\/ccp-flyer-spanish-10x12.png 10w, https:\/\/nlacrc.org\/wp-content\/uploads\/2026\/03\/ccp-flyer-spanish-19x24.png 19w, https:\/\/nlacrc.org\/wp-content\/uploads\/2026\/03\/ccp-flyer-spanish-29x36.png 29w, https:\/\/nlacrc.org\/wp-content\/uploads\/2026\/03\/ccp-flyer-spanish-38x48.png 38w\" sizes=\"auto, (max-width: 819px) 100vw, 819px\" \/><\/p>\n<div>\n<p><strong>Fecha y Hora:<\/strong> 11 de marzo de 2026 \u2014 1:00 PM<br \/>\n<strong>Presentadora:<\/strong> Especialista en Servicios de Empleo de NLACRC, <strong>Kai Brennan<\/strong><br \/>\n<strong>Idioma:<\/strong> Taller en ingl\u00e9s con <strong>traducci\u00f3n al espa\u00f1ol disponible<\/strong><br \/>\n<strong>Organizado por:<\/strong> Family Focus Resource Center (CSUN) y North Los Angeles County Regional Center<br \/>\n<strong>Registro:<\/strong> <a href=\"https:\/\/news.csun.edu\/events\/category\/family-focus-resource-center\/month\/\">https:\/\/news.csun.edu\/events\/category\/family-focus-resource-center\/month\/<\/a><br \/>\n<strong>Contacto:<\/strong> Rebeca \u2014 818\u2011677\u20116854; Email listed on flyer<br \/>\n<strong>Ideal para:<\/strong> Personas y familias interesadas en empleo, apoyos laborales y planes de carrera personalizados<\/p>\n<p><strong>En este taller usted:<\/strong><\/p>\n<ul>\n<li>Aprender\u00e1 qu\u00e9 es <strong>CCP<\/strong> y c\u00f3mo acceder al programa<\/li>\n<li>Ver\u00e1 c\u00f3mo CCP apoya <strong>resultados de empleo significativos<\/strong><\/li>\n<li>Escuchar\u00e1 informaci\u00f3n directamente de <strong>los proveedores del programa<\/strong><\/li>\n<\/ul>\n<\/div>","protected":false},"excerpt":{"rendered":"Fecha y Hora: 11 de marzo de 2026 \u2014 1:00 PM Presentadora: Especialista en Servicios de Empleo de NLACRC, Kai [&hellip;]","protected":false},"author":67,"featured_media":0,"template":"","meta":{"_acf_changed":false,"advgb_blocks_editor_width":"","advgb_blocks_columns_visual_guide":"","_EventAllDay":false,"_EventTimezone":"America\/Los_Angeles","_EventStartDate":"2026-03-11 13:00:00","_EventEndDate":"2026-03-11 14:00:00","_EventStartDateUTC":"2026-03-11 20:00:00","_EventEndDateUTC":"2026-03-11 21:00:00","_EventShowMap":false,"_EventShowMapLink":false,"_EventURL":"","_EventCost":"","_EventCostDescription":"","_EventCurrencySymbol":"$","_EventCurrencyCode":"USD","_EventCurrencyPosition":"prefix","_EventDateTimeSeparator":"","_EventTimeRangeSeparator":"","_EventOrganizerID":[],"_EventVenueID":[],"_OrganizerEmail":"","_OrganizerPhone":"","_OrganizerWebsite":"","_VenueAddress":"","_VenueCity":"","_VenueCountry":"","_VenueProvince":"","_VenueState":"","_VenueZip":"","_VenuePhone":"","_VenueURL":"","_VenueStateProvince":"","_VenueLat":"","_VenueLng":"","_VenueShowMap":false,"_VenueShowMapLink":false,"_tribe_blocks_recurrence_rules":"","_tribe_blocks_recurrence_description":"","_tribe_blocks_recurrence_exclusions":"","_tribe_events_status":"","_tribe_events_status_reason":"","_tribe_events_is_hybrid":"","_tribe_events_is_virtual":"","_tribe_events_virtual_video_source":"","_tribe_events_virtual_embed_video":"","_tribe_events_virtual_linked_button_text":"","_tribe_events_virtual_linked_button":"","_tribe_events_virtual_show_embed_at":"","_tribe_events_virtual_show_embed_to":[],"_tribe_events_virtual_show_on_event":"","_tribe_events_virtual_show_on_views":"","_tribe_events_virtual_url":"","footnotes":""},"tags":[],"tribe_events_cat":[598],"class_list":["post-59828","tribe_events","type-tribe_events","status-publish","hentry","tribe_events_cat-events","cat_events"],"acf":[],"yoast_head":"<!-- This site is optimized with the Yoast SEO plugin v26.4 - https:\/\/yoast.com\/wordpress\/plugins\/seo\/ -->\n<title>Aprenda sobre las Trayectorias Profesionales Coordinadas de NLACRC - North Los Angeles County<\/title>\n<meta name=\"description\" content=\"Aprenda sobre las Trayectorias Profesionales Coordinadas de NLACRC - Fecha y Hora: 11 de marzo de 2026 \u2014 1:00 PM Presentadora: Especialista en Servicios de Empleo de NLACRC, Kai Brennan Idioma: Taller en ingl\u00e9s con\" \/>\n<meta name=\"robots\" content=\"noindex, follow\" \/>\n<meta property=\"og:locale\" content=\"en_US\" \/>\n<meta property=\"og:type\" content=\"article\" \/>\n<meta property=\"og:title\" content=\"Aprenda sobre las Trayectorias Profesionales Coordinadas de NLACRC - North Los Angeles County\" \/>\n<meta property=\"og:description\" content=\"Aprenda sobre las Trayectorias Profesionales Coordinadas de NLACRC - Fecha y Hora: 11 de marzo de 2026 \u2014 1:00 PM Presentadora: Especialista en Servicios de Empleo de NLACRC, Kai Brennan Idioma: Taller en ingl\u00e9s con\" \/>\n<meta property=\"og:url\" content=\"https:\/\/nlacrc.org\/fa\/calendar\/aprenda-sobre-las-trayectorias-profesionales-coordinadas-de-nlacrc\/\" \/>\n<meta property=\"og:site_name\" content=\"North Los Angeles County\" \/>\n<meta property=\"article:publisher\" content=\"https:\/\/www.facebook.com\/NLACRC\/\" \/>\n<meta property=\"article:modified_time\" content=\"2026-03-09T19:23:05+00:00\" \/>\n<meta property=\"og:image\" content=\"https:\/\/www.nlacrc.org\/wp-content\/uploads\/2026\/03\/ccp-flyer-spanish-819x1024.png\" \/>\n<meta name=\"twitter:card\" content=\"summary_large_image\" \/>\n<meta name=\"twitter:site\" content=\"@NLACRC\" \/>\n<meta name=\"twitter:label1\" content=\"Est. reading time\" \/>\n\t<meta name=\"twitter:data1\" content=\"1 minute\" \/>\n<script type=\"application\/ld+json\" class=\"yoast-schema-graph\">{\"@context\":\"https:\/\/schema.org\",\"@graph\":[{\"@type\":\"WebPage\",\"@id\":\"https:\/\/nlacrc.org\/es\/calendar\/aprenda-sobre-las-trayectorias-profesionales-coordinadas-de-nlacrc\/\",\"url\":\"https:\/\/nlacrc.org\/es\/calendar\/aprenda-sobre-las-trayectorias-profesionales-coordinadas-de-nlacrc\/\",\"name\":\"Aprenda sobre las Trayectorias Profesionales Coordinadas de NLACRC - North Los Angeles County\",\"isPartOf\":{\"@id\":\"https:\/\/www.nlacrc.org\/fa\/#website\"},\"primaryImageOfPage\":{\"@id\":\"https:\/\/nlacrc.org\/es\/calendar\/aprenda-sobre-las-trayectorias-profesionales-coordinadas-de-nlacrc\/#primaryimage\"},\"image\":{\"@id\":\"https:\/\/nlacrc.org\/es\/calendar\/aprenda-sobre-las-trayectorias-profesionales-coordinadas-de-nlacrc\/#primaryimage\"},\"thumbnailUrl\":\"https:\/\/www.nlacrc.org\/wp-content\/uploads\/2026\/03\/ccp-flyer-spanish-819x1024.png\",\"datePublished\":\"2026-03-09T19:16:52+00:00\",\"dateModified\":\"2026-03-09T19:23:05+00:00\",\"description\":\"Aprenda sobre las Trayectorias Profesionales Coordinadas de NLACRC - Fecha y Hora: 11 de marzo de 2026 \u2014 1:00 PM Presentadora: Especialista en Servicios de Empleo de NLACRC, Kai Brennan Idioma: Taller en ingl\u00e9s con\",\"breadcrumb\":{\"@id\":\"https:\/\/nlacrc.org\/es\/calendar\/aprenda-sobre-las-trayectorias-profesionales-coordinadas-de-nlacrc\/#breadcrumb\"},\"inLanguage\":\"fa-AF\",\"potentialAction\":[{\"@type\":\"ReadAction\",\"target\":[\"https:\/\/nlacrc.org\/es\/calendar\/aprenda-sobre-las-trayectorias-profesionales-coordinadas-de-nlacrc\/\"]}]},{\"@type\":\"ImageObject\",\"inLanguage\":\"fa-AF\",\"@id\":\"https:\/\/nlacrc.org\/es\/calendar\/aprenda-sobre-las-trayectorias-profesionales-coordinadas-de-nlacrc\/#primaryimage\",\"url\":\"https:\/\/www.nlacrc.org\/wp-content\/uploads\/2026\/03\/ccp-flyer-spanish-819x1024.png\",\"contentUrl\":\"https:\/\/www.nlacrc.org\/wp-content\/uploads\/2026\/03\/ccp-flyer-spanish-819x1024.png\"},{\"@type\":\"BreadcrumbList\",\"@id\":\"https:\/\/nlacrc.org\/es\/calendar\/aprenda-sobre-las-trayectorias-profesionales-coordinadas-de-nlacrc\/#breadcrumb\",\"itemListElement\":[{\"@type\":\"ListItem\",\"position\":1,\"name\":\"Home\",\"item\":\"https:\/\/www.nlacrc.org\/\"},{\"@type\":\"ListItem\",\"position\":2,\"name\":\"Events\",\"item\":\"https:\/\/nlacrc.org\/tl\/calendar\/\"},{\"@type\":\"ListItem\",\"position\":3,\"name\":\"Aprenda sobre las Trayectorias Profesionales Coordinadas de NLACRC\"}]},{\"@type\":\"WebSite\",\"@id\":\"https:\/\/www.nlacrc.org\/fa\/#website\",\"url\":\"https:\/\/www.nlacrc.org\/fa\/\",\"name\":\"North Los Angeles County\",\"description\":\"Regional Center\",\"publisher\":{\"@id\":\"https:\/\/www.nlacrc.org\/fa\/#organization\"},\"potentialAction\":[{\"@type\":\"SearchAction\",\"target\":{\"@type\":\"EntryPoint\",\"urlTemplate\":\"https:\/\/www.nlacrc.org\/fa\/?s={search_term_string}\"},\"query-input\":{\"@type\":\"PropertyValueSpecification\",\"valueRequired\":true,\"valueName\":\"search_term_string\"}}],\"inLanguage\":\"fa-AF\"},{\"@type\":\"Organization\",\"@id\":\"https:\/\/www.nlacrc.org\/fa\/#organization\",\"name\":\"North Los Angeles County\",\"url\":\"https:\/\/www.nlacrc.org\/fa\/\",\"logo\":{\"@type\":\"ImageObject\",\"inLanguage\":\"fa-AF\",\"@id\":\"https:\/\/www.nlacrc.org\/fa\/#\/schema\/logo\/image\/\",\"url\":\"https:\/\/www.nlacrc.org\/wp-content\/uploads\/2024\/06\/logo.svg\",\"contentUrl\":\"https:\/\/www.nlacrc.org\/wp-content\/uploads\/2024\/06\/logo.svg\",\"width\":131,\"height\":130,\"caption\":\"North Los Angeles County\"},\"image\":{\"@id\":\"https:\/\/www.nlacrc.org\/fa\/#\/schema\/logo\/image\/\"},\"sameAs\":[\"https:\/\/www.facebook.com\/NLACRC\/\",\"https:\/\/x.com\/NLACRC\"]}]}<\/script>\n<!-- \/ Yoast SEO plugin. -->","yoast_head_json":{"title":"Aprenda sobre las Trayectorias Profesionales Coordinadas de NLACRC - North Los Angeles County","description":"Aprenda sobre las Trayectorias Profesionales Coordinadas de NLACRC - Fecha y Hora: 11 de marzo de 2026 \u2014 1:00 PM Presentadora: Especialista en Servicios de Empleo de NLACRC, Kai Brennan Idioma: Taller en ingl\u00e9s con","robots":{"index":"noindex","follow":"follow"},"og_locale":"en_US","og_type":"article","og_title":"Aprenda sobre las Trayectorias Profesionales Coordinadas de NLACRC - North Los Angeles County","og_description":"Aprenda sobre las Trayectorias Profesionales Coordinadas de NLACRC - Fecha y Hora: 11 de marzo de 2026 \u2014 1:00 PM Presentadora: Especialista en Servicios de Empleo de NLACRC, Kai Brennan Idioma: Taller en ingl\u00e9s con","og_url":"https:\/\/nlacrc.org\/fa\/calendar\/aprenda-sobre-las-trayectorias-profesionales-coordinadas-de-nlacrc\/","og_site_name":"North Los Angeles County","article_publisher":"https:\/\/www.facebook.com\/NLACRC\/","article_modified_time":"2026-03-09T19:23:05+00:00","og_image":[{"url":"https:\/\/www.nlacrc.org\/wp-content\/uploads\/2026\/03\/ccp-flyer-spanish-819x1024.png","type":"","width":"","height":""}],"twitter_card":"summary_large_image","twitter_site":"@NLACRC","twitter_misc":{"Est. reading time":"1 minute"},"schema":{"@context":"https:\/\/schema.org","@graph":[{"@type":"WebPage","@id":"https:\/\/nlacrc.org\/es\/calendar\/aprenda-sobre-las-trayectorias-profesionales-coordinadas-de-nlacrc\/","url":"https:\/\/nlacrc.org\/es\/calendar\/aprenda-sobre-las-trayectorias-profesionales-coordinadas-de-nlacrc\/","name":"Aprenda sobre las Trayectorias Profesionales Coordinadas de NLACRC - North Los Angeles County","isPartOf":{"@id":"https:\/\/www.nlacrc.org\/fa\/#website"},"primaryImageOfPage":{"@id":"https:\/\/nlacrc.org\/es\/calendar\/aprenda-sobre-las-trayectorias-profesionales-coordinadas-de-nlacrc\/#primaryimage"},"image":{"@id":"https:\/\/nlacrc.org\/es\/calendar\/aprenda-sobre-las-trayectorias-profesionales-coordinadas-de-nlacrc\/#primaryimage"},"thumbnailUrl":"https:\/\/www.nlacrc.org\/wp-content\/uploads\/2026\/03\/ccp-flyer-spanish-819x1024.png","datePublished":"2026-03-09T19:16:52+00:00","dateModified":"2026-03-09T19:23:05+00:00","description":"Aprenda sobre las Trayectorias Profesionales Coordinadas de NLACRC - Fecha y Hora: 11 de marzo de 2026 \u2014 1:00 PM Presentadora: Especialista en Servicios de Empleo de NLACRC, Kai Brennan Idioma: Taller en ingl\u00e9s con","breadcrumb":{"@id":"https:\/\/nlacrc.org\/es\/calendar\/aprenda-sobre-las-trayectorias-profesionales-coordinadas-de-nlacrc\/#breadcrumb"},"inLanguage":"fa-AF","potentialAction":[{"@type":"ReadAction","target":["https:\/\/nlacrc.org\/es\/calendar\/aprenda-sobre-las-trayectorias-profesionales-coordinadas-de-nlacrc\/"]}]},{"@type":"ImageObject","inLanguage":"fa-AF","@id":"https:\/\/nlacrc.org\/es\/calendar\/aprenda-sobre-las-trayectorias-profesionales-coordinadas-de-nlacrc\/#primaryimage","url":"https:\/\/www.nlacrc.org\/wp-content\/uploads\/2026\/03\/ccp-flyer-spanish-819x1024.png","contentUrl":"https:\/\/www.nlacrc.org\/wp-content\/uploads\/2026\/03\/ccp-flyer-spanish-819x1024.png"},{"@type":"BreadcrumbList","@id":"https:\/\/nlacrc.org\/es\/calendar\/aprenda-sobre-las-trayectorias-profesionales-coordinadas-de-nlacrc\/#breadcrumb","itemListElement":[{"@type":"ListItem","position":1,"name":"Home","item":"https:\/\/www.nlacrc.org\/"},{"@type":"ListItem","position":2,"name":"Events","item":"https:\/\/nlacrc.org\/tl\/calendar\/"},{"@type":"ListItem","position":3,"name":"Aprenda sobre las Trayectorias Profesionales Coordinadas de NLACRC"}]},{"@type":"WebSite","@id":"https:\/\/www.nlacrc.org\/fa\/#website","url":"https:\/\/www.nlacrc.org\/fa\/","name":"\u0634\u0647\u0631\u0633\u062a\u0627\u0646 \u0644\u0633 \u0622\u0646\u062c\u0644\u0633 \u0634\u0645\u0627\u0644\u06cc","description":"\u0645\u0631\u06a9\u0632 \u0645\u0646\u0637\u0642\u0647 \u0627\u06cc","publisher":{"@id":"https:\/\/www.nlacrc.org\/fa\/#organization"},"potentialAction":[{"@type":"SearchAction","target":{"@type":"EntryPoint","urlTemplate":"https:\/\/www.nlacrc.org\/fa\/?s={search_term_string}"},"query-input":{"@type":"PropertyValueSpecification","valueRequired":true,"valueName":"search_term_string"}}],"inLanguage":"fa-AF"},{"@type":"Organization","@id":"https:\/\/www.nlacrc.org\/fa\/#organization","name":"\u0634\u0647\u0631\u0633\u062a\u0627\u0646 \u0644\u0633 \u0622\u0646\u062c\u0644\u0633 \u0634\u0645\u0627\u0644\u06cc","url":"https:\/\/www.nlacrc.org\/fa\/","logo":{"@type":"ImageObject","inLanguage":"fa-AF","@id":"https:\/\/www.nlacrc.org\/fa\/#\/schema\/logo\/image\/","url":"https:\/\/www.nlacrc.org\/wp-content\/uploads\/2024\/06\/logo.svg","contentUrl":"https:\/\/www.nlacrc.org\/wp-content\/uploads\/2024\/06\/logo.svg","width":131,"height":130,"caption":"North Los Angeles County"},"image":{"@id":"https:\/\/www.nlacrc.org\/fa\/#\/schema\/logo\/image\/"},"sameAs":["https:\/\/www.facebook.com\/NLACRC\/","https:\/\/x.com\/NLACRC"]}]}},"featured_img":false,"coauthors":[],"author_meta":{"author_link":"https:\/\/nlacrc.org\/fa\/author\/mvivanco\/","display_name":"Martin Vivanco"},"relative_dates":{"created":"Posted 2 months ago","modified":"Updated 2 months ago"},"absolute_dates":{"created":"Posted on March 9, 2026","modified":"Updated on March 9, 2026"},"absolute_dates_time":{"created":"Posted on March 9, 2026 12:16 pm","modified":"Updated on March 9, 2026 12:23 pm"},"featured_img_caption":"","tax_additional":{"post_tag":{"linked":[],"unlinked":[],"slug":"post_tag","name":"Tags"},"tribe_events_cat":{"linked":["<a href=\"https:\/\/nlacrc.org\/fa\/calendar\/category\/events\/\" class=\"advgb-post-tax-term\">Events<\/a>"],"unlinked":["<span class=\"advgb-post-tax-term\">Events<\/span>"],"slug":"tribe_events_cat","name":"Event Categories"}},"series_order":"","_links":{"self":[{"href":"https:\/\/nlacrc.org\/fa\/wp-json\/wp\/v2\/tribe_events\/59828","targetHints":{"allow":["GET"]}}],"collection":[{"href":"https:\/\/nlacrc.org\/fa\/wp-json\/wp\/v2\/tribe_events"}],"about":[{"href":"https:\/\/nlacrc.org\/fa\/wp-json\/wp\/v2\/types\/tribe_events"}],"author":[{"embeddable":true,"href":"https:\/\/nlacrc.org\/fa\/wp-json\/wp\/v2\/users\/67"}],"version-history":[{"count":3,"href":"https:\/\/nlacrc.org\/fa\/wp-json\/wp\/v2\/tribe_events\/59828\/revisions"}],"predecessor-version":[{"id":59832,"href":"https:\/\/nlacrc.org\/fa\/wp-json\/wp\/v2\/tribe_events\/59828\/revisions\/59832"}],"wp:attachment":[{"href":"https:\/\/nlacrc.org\/fa\/wp-json\/wp\/v2\/media?parent=59828"}],"wp:term":[{"taxonomy":"post_tag","embeddable":true,"href":"https:\/\/nlacrc.org\/fa\/wp-json\/wp\/v2\/tags?post=59828"},{"taxonomy":"tribe_events_cat","embeddable":true,"href":"https:\/\/nlacrc.org\/fa\/wp-json\/wp\/v2\/tribe_events_cat?post=59828"}],"curies":[{"name":"wp","href":"https:\/\/api.w.org\/{rel}","templated":true}]}}