{"id":53035,"date":"2025-05-01T09:54:33","date_gmt":"2025-05-01T16:54:33","guid":{"rendered":"https:\/\/www.nlacrc.org\/?post_type=tribe_events&#038;p=53035"},"modified":"2025-05-01T09:56:28","modified_gmt":"2025-05-01T16:56:28","slug":"attention-and-hyperactive-deficit-disorder-tdah-different-thinkers-different-learners-workshop","status":"publish","type":"tribe_events","link":"https:\/\/nlacrc.org\/es\/calendar\/attention-and-hyperactive-deficit-disorder-tdah-different-thinkers-different-learners-workshop\/","title":{"rendered":"Trastorno por D\u00e9ficit de Atenci\u00f3n e Hiperactividad (TDAH): Taller para diferentes pensadores y diferentes aprendices"},"content":{"rendered":"<h4 style=\"text-align: center;\" data-start=\"254\" data-end=\"413\"><strong data-start=\"254\" data-end=\"263\"><img loading=\"lazy\" decoding=\"async\" class=\"alignnone wp-image-53037\" src=\"https:\/\/www.nlacrc.org\/wp-content\/uploads\/2025\/05\/1746117116452-f2101757-1fde-4706-8655-3c49e91d8b47-2-231x300.jpg\" alt=\"\" width=\"629\" height=\"817\" srcset=\"https:\/\/nlacrc.org\/wp-content\/uploads\/2025\/05\/1746117116452-f2101757-1fde-4706-8655-3c49e91d8b47-2-231x300.jpg 231w, https:\/\/nlacrc.org\/wp-content\/uploads\/2025\/05\/1746117116452-f2101757-1fde-4706-8655-3c49e91d8b47-2-9x12.jpg 9w, https:\/\/nlacrc.org\/wp-content\/uploads\/2025\/05\/1746117116452-f2101757-1fde-4706-8655-3c49e91d8b47-2-19x24.jpg 19w, https:\/\/nlacrc.org\/wp-content\/uploads\/2025\/05\/1746117116452-f2101757-1fde-4706-8655-3c49e91d8b47-2-28x36.jpg 28w, https:\/\/nlacrc.org\/wp-content\/uploads\/2025\/05\/1746117116452-f2101757-1fde-4706-8655-3c49e91d8b47-2-37x48.jpg 37w\" sizes=\"auto, (max-width: 629px) 100vw, 629px\" \/><\/strong><\/h4>\n<h4 style=\"text-align: center;\" data-start=\"254\" data-end=\"413\"><strong data-start=\"254\" data-end=\"263\">Fecha:<\/strong> Martes 24 de junio de 2025<br data-start=\"286\" data-end=\"289\" \/><strong data-start=\"289\" data-end=\"298\">Tiempo:<\/strong> 10:00 a. m. \u2013 11:30 a. m. (PST)<br data-start=\"328\" data-end=\"331\" \/><strong data-start=\"331\" data-end=\"344\">Ubicaci\u00f3n:<\/strong> Virtual (Zoom)<br data-start=\"359\" data-end=\"362\" \/><strong data-start=\"362\" data-end=\"375\">Idioma:<\/strong> Espa\u00f1ol con interpretaci\u00f3n al ingl\u00e9s<\/h4>\n<h4 data-start=\"415\" data-end=\"861\"><strong data-start=\"415\" data-end=\"431\">Descripci\u00f3n:<\/strong><br data-start=\"431\" data-end=\"434\" \/>\u00danase a nosotros para un taller virtual gratuito sobre <strong data-start=\"473\" data-end=\"526\">Trastorno por D\u00e9ficit de Atenci\u00f3n e Hiperactividad (TDAH)<\/strong>, Dirigida por Mariana Le\u00f1ero Solar del Learning Rights Law Center, esta sesi\u00f3n forma parte de una serie de talleres que se impartir\u00e1n en 2025 para apoyar a padres de ni\u00f1os con discapacidades del desarrollo. El taller explorar\u00e1 los desaf\u00edos y fortalezas \u00fanicos de los ni\u00f1os con TDAH, ayudando a los cuidadores a comprender mejor sus necesidades de aprendizaje y a brindarles el apoyo necesario.<\/h4>\n<h4 style=\"text-align: center;\" data-start=\"863\" data-end=\"919\"><strong data-start=\"863\" data-end=\"875\">Abierto a:<\/strong> Personal, profesionales y padres de NLACRC.<\/h4>\n<h4 style=\"text-align: center;\" data-start=\"921\" data-end=\"981\"><strong data-start=\"921\" data-end=\"942\">Contacto para obtener informaci\u00f3n:<\/strong> <a rel=\"noopener\" data-start=\"943\" data-end=\"962\">yparvool@nlacrc.org<\/a> | (818) 736-8313<\/h4>\n<h4 style=\"text-align: center;\" data-start=\"983\" data-end=\"1030\">\ud83d\udd17 <strong data-start=\"986\" data-end=\"1030\">El enlace de Zoom y el c\u00f3digo QR est\u00e1n disponibles en el folleto.<\/strong><\/h4>","protected":false},"excerpt":{"rendered":"Fecha: Martes, 24 de junio de 2025 Hora: 10:00 a. m. \u2013 11:30 a. m. (PST) Lugar: Virtual (Zoom) Idioma: Espa\u00f1ol con interpretaci\u00f3n al ingl\u00e9s Descripci\u00f3n: \u00danase a nosotros para [\u2026]","protected":false},"author":67,"featured_media":0,"template":"","meta":{"_acf_changed":false,"advgb_blocks_editor_width":"","advgb_blocks_columns_visual_guide":"","_EventAllDay":false,"_EventTimezone":"America\/Los_Angeles","_EventStartDate":"2025-06-24 10:00:00","_EventEndDate":"2025-06-24 11:30:00","_EventStartDateUTC":"2025-06-24 17:00:00","_EventEndDateUTC":"2025-06-24 18:30:00","_EventShowMap":false,"_EventShowMapLink":false,"_EventURL":"","_EventCost":"","_EventCostDescription":"","_EventCurrencySymbol":"$","_EventCurrencyCode":"USD","_EventCurrencyPosition":"prefix","_EventDateTimeSeparator":"","_EventTimeRangeSeparator":"","_EventOrganizerID":[],"_EventVenueID":[],"_OrganizerEmail":"","_OrganizerPhone":"","_OrganizerWebsite":"","_VenueAddress":"","_VenueCity":"","_VenueCountry":"","_VenueProvince":"","_VenueState":"","_VenueZip":"","_VenuePhone":"","_VenueURL":"","_VenueStateProvince":"","_VenueLat":"","_VenueLng":"","_VenueShowMap":false,"_VenueShowMapLink":false,"_tribe_blocks_recurrence_rules":"","_tribe_blocks_recurrence_description":"","_tribe_blocks_recurrence_exclusions":"","_tribe_events_status":"","_tribe_events_status_reason":"","_tribe_events_is_hybrid":"","_tribe_events_is_virtual":"","_tribe_events_virtual_video_source":"","_tribe_events_virtual_embed_video":"","_tribe_events_virtual_linked_button_text":"","_tribe_events_virtual_linked_button":"","_tribe_events_virtual_show_embed_at":"","_tribe_events_virtual_show_embed_to":[],"_tribe_events_virtual_show_on_event":"","_tribe_events_virtual_show_on_views":"","_tribe_events_virtual_url":"","footnotes":""},"tags":[],"tribe_events_cat":[587],"class_list":["post-53035","tribe_events","type-tribe_events","status-publish","hentry","tribe_events_cat-community","cat_community"],"acf":[],"yoast_head":"<!-- This site is optimized with the Yoast SEO plugin v26.4 - https:\/\/yoast.com\/wordpress\/plugins\/seo\/ -->\n<title>Attention and Hyperactive Deficit Disorder (TDAH) \u2013 Different Thinkers, Different Learners Workshop - North Los Angeles County<\/title>\n<meta name=\"description\" content=\"Attention and Hyperactive Deficit Disorder (TDAH) \u2013 Different Thinkers, Different Learners Workshop - Date: Tuesday, June 24, 2025Time: 10:00 a.m. \u2013 11:30 a.m. (PST)Location: Virtual (Zoom)Language: Spanish with English Interpretation Description:Join us\" \/>\n<meta name=\"robots\" content=\"noindex, follow\" \/>\n<meta property=\"og:locale\" content=\"es_MX\" \/>\n<meta property=\"og:type\" content=\"article\" \/>\n<meta property=\"og:title\" content=\"Attention and Hyperactive Deficit Disorder (TDAH) \u2013 Different Thinkers, Different Learners Workshop - North Los Angeles County\" \/>\n<meta property=\"og:description\" content=\"Attention and Hyperactive Deficit Disorder (TDAH) \u2013 Different Thinkers, Different Learners Workshop - Date: Tuesday, June 24, 2025Time: 10:00 a.m. \u2013 11:30 a.m. (PST)Location: Virtual (Zoom)Language: Spanish with English Interpretation Description:Join us\" \/>\n<meta property=\"og:url\" content=\"https:\/\/www.nlacrc.org\/hy\/calendar\/attention-and-hyperactive-deficit-disorder-tdah-different-thinkers-different-learners-workshop\/\" \/>\n<meta property=\"og:site_name\" content=\"North Los Angeles County\" \/>\n<meta property=\"article:publisher\" content=\"https:\/\/www.facebook.com\/NLACRC\/\" \/>\n<meta property=\"article:modified_time\" content=\"2025-05-01T16:56:28+00:00\" \/>\n<meta property=\"og:image\" content=\"https:\/\/www.nlacrc.org\/wp-content\/uploads\/2025\/05\/1746117116452-f2101757-1fde-4706-8655-3c49e91d8b47-2-231x300.jpg\" \/>\n<meta name=\"twitter:card\" content=\"summary_large_image\" \/>\n<meta name=\"twitter:site\" content=\"@NLACRC\" \/>\n<meta name=\"twitter:label1\" content=\"Est. reading time\" \/>\n\t<meta name=\"twitter:data1\" content=\"1 minuto\" \/>\n<script type=\"application\/ld+json\" class=\"yoast-schema-graph\">{\"@context\":\"https:\/\/schema.org\",\"@graph\":[{\"@type\":\"WebPage\",\"@id\":\"https:\/\/www.nlacrc.org\/hy\/calendar\/attention-and-hyperactive-deficit-disorder-tdah-different-thinkers-different-learners-workshop\/\",\"url\":\"https:\/\/www.nlacrc.org\/hy\/calendar\/attention-and-hyperactive-deficit-disorder-tdah-different-thinkers-different-learners-workshop\/\",\"name\":\"Attention and Hyperactive Deficit Disorder (TDAH) \u2013 Different Thinkers, Different Learners Workshop - North Los Angeles County\",\"isPartOf\":{\"@id\":\"https:\/\/www.nlacrc.org\/fa\/#website\"},\"primaryImageOfPage\":{\"@id\":\"https:\/\/www.nlacrc.org\/hy\/calendar\/attention-and-hyperactive-deficit-disorder-tdah-different-thinkers-different-learners-workshop\/#primaryimage\"},\"image\":{\"@id\":\"https:\/\/www.nlacrc.org\/hy\/calendar\/attention-and-hyperactive-deficit-disorder-tdah-different-thinkers-different-learners-workshop\/#primaryimage\"},\"thumbnailUrl\":\"https:\/\/www.nlacrc.org\/wp-content\/uploads\/2025\/05\/1746117116452-f2101757-1fde-4706-8655-3c49e91d8b47-2-231x300.jpg\",\"datePublished\":\"2025-05-01T16:54:33+00:00\",\"dateModified\":\"2025-05-01T16:56:28+00:00\",\"description\":\"Attention and Hyperactive Deficit Disorder (TDAH) \u2013 Different Thinkers, Different Learners Workshop - Date: Tuesday, June 24, 2025Time: 10:00 a.m. \u2013 11:30 a.m. (PST)Location: Virtual (Zoom)Language: Spanish with English Interpretation Description:Join us\",\"breadcrumb\":{\"@id\":\"https:\/\/www.nlacrc.org\/hy\/calendar\/attention-and-hyperactive-deficit-disorder-tdah-different-thinkers-different-learners-workshop\/#breadcrumb\"},\"inLanguage\":\"es\",\"potentialAction\":[{\"@type\":\"ReadAction\",\"target\":[\"https:\/\/www.nlacrc.org\/hy\/calendar\/attention-and-hyperactive-deficit-disorder-tdah-different-thinkers-different-learners-workshop\/\"]}]},{\"@type\":\"ImageObject\",\"inLanguage\":\"es\",\"@id\":\"https:\/\/www.nlacrc.org\/hy\/calendar\/attention-and-hyperactive-deficit-disorder-tdah-different-thinkers-different-learners-workshop\/#primaryimage\",\"url\":\"https:\/\/www.nlacrc.org\/wp-content\/uploads\/2025\/05\/1746117116452-f2101757-1fde-4706-8655-3c49e91d8b47-2-231x300.jpg\",\"contentUrl\":\"https:\/\/www.nlacrc.org\/wp-content\/uploads\/2025\/05\/1746117116452-f2101757-1fde-4706-8655-3c49e91d8b47-2-231x300.jpg\"},{\"@type\":\"BreadcrumbList\",\"@id\":\"https:\/\/www.nlacrc.org\/hy\/calendar\/attention-and-hyperactive-deficit-disorder-tdah-different-thinkers-different-learners-workshop\/#breadcrumb\",\"itemListElement\":[{\"@type\":\"ListItem\",\"position\":1,\"name\":\"Home\",\"item\":\"https:\/\/www.nlacrc.org\/fa\/\"},{\"@type\":\"ListItem\",\"position\":2,\"name\":\"Events\",\"item\":\"https:\/\/www.nlacrc.org\/fa\/%d8%aa%d9%82%d9%88%db%8c%d9%85\/\"},{\"@type\":\"ListItem\",\"position\":3,\"name\":\"Attention and Hyperactive Deficit Disorder (TDAH) \u2013 Different Thinkers, Different Learners Workshop\"}]},{\"@type\":\"WebSite\",\"@id\":\"https:\/\/www.nlacrc.org\/fa\/#website\",\"url\":\"https:\/\/www.nlacrc.org\/fa\/\",\"name\":\"North Los Angeles County\",\"description\":\"Regional Center\",\"publisher\":{\"@id\":\"https:\/\/www.nlacrc.org\/fa\/#organization\"},\"potentialAction\":[{\"@type\":\"SearchAction\",\"target\":{\"@type\":\"EntryPoint\",\"urlTemplate\":\"https:\/\/www.nlacrc.org\/fa\/?s={search_term_string}\"},\"query-input\":{\"@type\":\"PropertyValueSpecification\",\"valueRequired\":true,\"valueName\":\"search_term_string\"}}],\"inLanguage\":\"es\"},{\"@type\":\"Organization\",\"@id\":\"https:\/\/www.nlacrc.org\/fa\/#organization\",\"name\":\"North Los Angeles County\",\"url\":\"https:\/\/www.nlacrc.org\/fa\/\",\"logo\":{\"@type\":\"ImageObject\",\"inLanguage\":\"es\",\"@id\":\"https:\/\/www.nlacrc.org\/fa\/#\/schema\/logo\/image\/\",\"url\":\"https:\/\/www.nlacrc.org\/wp-content\/uploads\/2024\/06\/logo.svg\",\"contentUrl\":\"https:\/\/www.nlacrc.org\/wp-content\/uploads\/2024\/06\/logo.svg\",\"width\":131,\"height\":130,\"caption\":\"North Los Angeles County\"},\"image\":{\"@id\":\"https:\/\/www.nlacrc.org\/fa\/#\/schema\/logo\/image\/\"},\"sameAs\":[\"https:\/\/www.facebook.com\/NLACRC\/\",\"https:\/\/x.com\/NLACRC\"]}]}<\/script>\n<!-- \/ Yoast SEO plugin. -->","yoast_head_json":{"title":"Attention and Hyperactive Deficit Disorder (TDAH) \u2013 Different Thinkers, Different Learners Workshop - North Los Angeles County","description":"Attention and Hyperactive Deficit Disorder (TDAH) \u2013 Different Thinkers, Different Learners Workshop - Date: Tuesday, June 24, 2025Time: 10:00 a.m. \u2013 11:30 a.m. (PST)Location: Virtual (Zoom)Language: Spanish with English Interpretation Description:Join us","robots":{"index":"noindex","follow":"follow"},"og_locale":"es_MX","og_type":"article","og_title":"Attention and Hyperactive Deficit Disorder (TDAH) \u2013 Different Thinkers, Different Learners Workshop - North Los Angeles County","og_description":"Attention and Hyperactive Deficit Disorder (TDAH) \u2013 Different Thinkers, Different Learners Workshop - Date: Tuesday, June 24, 2025Time: 10:00 a.m. \u2013 11:30 a.m. (PST)Location: Virtual (Zoom)Language: Spanish with English Interpretation Description:Join us","og_url":"https:\/\/www.nlacrc.org\/hy\/calendar\/attention-and-hyperactive-deficit-disorder-tdah-different-thinkers-different-learners-workshop\/","og_site_name":"North Los Angeles County","article_publisher":"https:\/\/www.facebook.com\/NLACRC\/","article_modified_time":"2025-05-01T16:56:28+00:00","og_image":[{"url":"https:\/\/www.nlacrc.org\/wp-content\/uploads\/2025\/05\/1746117116452-f2101757-1fde-4706-8655-3c49e91d8b47-2-231x300.jpg","type":"","width":"","height":""}],"twitter_card":"summary_large_image","twitter_site":"@NLACRC","twitter_misc":{"Est. reading time":"1 minuto"},"schema":{"@context":"https:\/\/schema.org","@graph":[{"@type":"WebPage","@id":"https:\/\/www.nlacrc.org\/hy\/calendar\/attention-and-hyperactive-deficit-disorder-tdah-different-thinkers-different-learners-workshop\/","url":"https:\/\/www.nlacrc.org\/hy\/calendar\/attention-and-hyperactive-deficit-disorder-tdah-different-thinkers-different-learners-workshop\/","name":"Attention and Hyperactive Deficit Disorder (TDAH) \u2013 Different Thinkers, Different Learners Workshop - North Los Angeles County","isPartOf":{"@id":"https:\/\/www.nlacrc.org\/fa\/#website"},"primaryImageOfPage":{"@id":"https:\/\/www.nlacrc.org\/hy\/calendar\/attention-and-hyperactive-deficit-disorder-tdah-different-thinkers-different-learners-workshop\/#primaryimage"},"image":{"@id":"https:\/\/www.nlacrc.org\/hy\/calendar\/attention-and-hyperactive-deficit-disorder-tdah-different-thinkers-different-learners-workshop\/#primaryimage"},"thumbnailUrl":"https:\/\/www.nlacrc.org\/wp-content\/uploads\/2025\/05\/1746117116452-f2101757-1fde-4706-8655-3c49e91d8b47-2-231x300.jpg","datePublished":"2025-05-01T16:54:33+00:00","dateModified":"2025-05-01T16:56:28+00:00","description":"Attention and Hyperactive Deficit Disorder (TDAH) \u2013 Different Thinkers, Different Learners Workshop - Date: Tuesday, June 24, 2025Time: 10:00 a.m. \u2013 11:30 a.m. (PST)Location: Virtual (Zoom)Language: Spanish with English Interpretation Description:Join us","breadcrumb":{"@id":"https:\/\/www.nlacrc.org\/hy\/calendar\/attention-and-hyperactive-deficit-disorder-tdah-different-thinkers-different-learners-workshop\/#breadcrumb"},"inLanguage":"es","potentialAction":[{"@type":"ReadAction","target":["https:\/\/www.nlacrc.org\/hy\/calendar\/attention-and-hyperactive-deficit-disorder-tdah-different-thinkers-different-learners-workshop\/"]}]},{"@type":"ImageObject","inLanguage":"es","@id":"https:\/\/www.nlacrc.org\/hy\/calendar\/attention-and-hyperactive-deficit-disorder-tdah-different-thinkers-different-learners-workshop\/#primaryimage","url":"https:\/\/www.nlacrc.org\/wp-content\/uploads\/2025\/05\/1746117116452-f2101757-1fde-4706-8655-3c49e91d8b47-2-231x300.jpg","contentUrl":"https:\/\/www.nlacrc.org\/wp-content\/uploads\/2025\/05\/1746117116452-f2101757-1fde-4706-8655-3c49e91d8b47-2-231x300.jpg"},{"@type":"BreadcrumbList","@id":"https:\/\/www.nlacrc.org\/hy\/calendar\/attention-and-hyperactive-deficit-disorder-tdah-different-thinkers-different-learners-workshop\/#breadcrumb","itemListElement":[{"@type":"ListItem","position":1,"name":"Home","item":"https:\/\/www.nlacrc.org\/fa\/"},{"@type":"ListItem","position":2,"name":"Events","item":"https:\/\/www.nlacrc.org\/fa\/%d8%aa%d9%82%d9%88%db%8c%d9%85\/"},{"@type":"ListItem","position":3,"name":"Attention and Hyperactive Deficit Disorder (TDAH) \u2013 Different Thinkers, Different Learners Workshop"}]},{"@type":"WebSite","@id":"https:\/\/www.nlacrc.org\/fa\/#website","url":"https:\/\/www.nlacrc.org\/fa\/","name":"Norte del condado de Los \u00c1ngeles","description":"Centro Regional","publisher":{"@id":"https:\/\/www.nlacrc.org\/fa\/#organization"},"potentialAction":[{"@type":"SearchAction","target":{"@type":"EntryPoint","urlTemplate":"https:\/\/www.nlacrc.org\/fa\/?s={search_term_string}"},"query-input":{"@type":"PropertyValueSpecification","valueRequired":true,"valueName":"search_term_string"}}],"inLanguage":"es"},{"@type":"Organization","@id":"https:\/\/www.nlacrc.org\/fa\/#organization","name":"Norte del condado de Los \u00c1ngeles","url":"https:\/\/www.nlacrc.org\/fa\/","logo":{"@type":"ImageObject","inLanguage":"es","@id":"https:\/\/www.nlacrc.org\/fa\/#\/schema\/logo\/image\/","url":"https:\/\/www.nlacrc.org\/wp-content\/uploads\/2024\/06\/logo.svg","contentUrl":"https:\/\/www.nlacrc.org\/wp-content\/uploads\/2024\/06\/logo.svg","width":131,"height":130,"caption":"North Los Angeles County"},"image":{"@id":"https:\/\/www.nlacrc.org\/fa\/#\/schema\/logo\/image\/"},"sameAs":["https:\/\/www.facebook.com\/NLACRC\/","https:\/\/x.com\/NLACRC"]}]}},"featured_img":false,"coauthors":[],"author_meta":{"author_link":"https:\/\/nlacrc.org\/es\/author\/mvivanco\/","display_name":"Martin Vivanco"},"relative_dates":{"created":"Publicado 1 a\u00f1o hace","modified":"Actualizado 1 a\u00f1o hace"},"absolute_dates":{"created":"Publicado el mayo 1, 2025","modified":"Actualizado el mayo 1, 2025"},"absolute_dates_time":{"created":"Publicado el mayo 1, 2025 9:54 am","modified":"Actualizado el mayo 1, 2025 9:56 am"},"featured_img_caption":"","tax_additional":{"post_tag":{"linked":[],"unlinked":[],"slug":"post_tag","name":"Etiquetas"},"tribe_events_cat":{"linked":["<a href=\"https:\/\/nlacrc.org\/es\/calendar\/categoria\/events\/community\/\" class=\"advgb-post-tax-term\">Community<\/a>"],"unlinked":["<span class=\"advgb-post-tax-term\">Community<\/span>"],"slug":"tribe_events_cat","name":"Categor\u00edas de Evento"}},"series_order":"","_links":{"self":[{"href":"https:\/\/nlacrc.org\/es\/wp-json\/wp\/v2\/tribe_events\/53035","targetHints":{"allow":["GET"]}}],"collection":[{"href":"https:\/\/nlacrc.org\/es\/wp-json\/wp\/v2\/tribe_events"}],"about":[{"href":"https:\/\/nlacrc.org\/es\/wp-json\/wp\/v2\/types\/tribe_events"}],"author":[{"embeddable":true,"href":"https:\/\/nlacrc.org\/es\/wp-json\/wp\/v2\/users\/67"}],"version-history":[{"count":2,"href":"https:\/\/nlacrc.org\/es\/wp-json\/wp\/v2\/tribe_events\/53035\/revisions"}],"predecessor-version":[{"id":53038,"href":"https:\/\/nlacrc.org\/es\/wp-json\/wp\/v2\/tribe_events\/53035\/revisions\/53038"}],"wp:attachment":[{"href":"https:\/\/nlacrc.org\/es\/wp-json\/wp\/v2\/media?parent=53035"}],"wp:term":[{"taxonomy":"post_tag","embeddable":true,"href":"https:\/\/nlacrc.org\/es\/wp-json\/wp\/v2\/tags?post=53035"},{"taxonomy":"tribe_events_cat","embeddable":true,"href":"https:\/\/nlacrc.org\/es\/wp-json\/wp\/v2\/tribe_events_cat?post=53035"}],"curies":[{"name":"wp","href":"https:\/\/api.w.org\/{rel}","templated":true}]}}